{"id":20,"date":"2022-10-10T08:23:30","date_gmt":"2022-10-10T08:23:30","guid":{"rendered":"https:\/\/hanyan.pixxel-network.de\/?page_id=20"},"modified":"2023-05-21T16:20:46","modified_gmt":"2023-05-21T16:20:46","slug":"datenschutz","status":"publish","type":"page","link":"https:\/\/www.hanyan.de\/de\/datenschutz\/","title":{"rendered":"Datenschutzerkl\u00e4rung"},"content":{"rendered":"\n<p>Stand: 16. M\u00e4rz 2023<\/p>\n\n\n\n<h3 class=\"wp-block-heading\">Inhalts\u00fcbersicht<\/h3>\n\n\n\n<ul class=\"wp-block-list\">\n<li>Verantwortlicher<\/li>\n\n\n\n<li>\u00dcbersicht der Verarbeitungen<\/li>\n\n\n\n<li>Ma\u00dfgebliche Rechtsgrundlagen<\/li>\n\n\n\n<li>Sicherheitsma\u00dfnahmen<\/li>\n\n\n\n<li>\u00dcbermittlung von personenbezogenen Daten<\/li>\n\n\n\n<li>L\u00f6schung von Daten<\/li>\n\n\n\n<li>Einsatz von Cookies<\/li>\n\n\n\n<li>Einsatz von Online-Plattformen zu Angebots- und Vertriebszwecken<\/li>\n\n\n\n<li>Zahlungsverfahren<\/li>\n\n\n\n<li>Bereitstellung des Onlineangebotes und Webhosting<\/li>\n\n\n\n<li>Audioinhalte<\/li>\n\n\n\n<li>Newsletter und elektronische Benachrichtigungen<\/li>\n\n\n\n<li>Pr\u00e4senzen in sozialen Netzwerken (Social Media)<\/li>\n\n\n\n<li>Plugins und eingebettete Funktionen sowie Inhalte<\/li>\n\n\n\n<li>\u00c4nderung und Aktualisierung der Datenschutzerkl\u00e4rung<\/li>\n\n\n\n<li>Rechte der betroffenen Personen<\/li>\n<\/ul>\n\n\n\n<h3 class=\"wp-block-heading\">Verantwortlicher<\/h3>\n\n\n\n<p>Yan Han<br><a href=\"mailto:hanyan@hotmail.de\">hanyan@hotmail.de<\/a><\/p>\n\n\n\n<p><strong><a rel=\"noreferrer noopener\" href=\"https:\/\/www.hanyan.de\/de\/impressum\/\" target=\"_blank\">Impressum<\/a><\/strong><\/p>\n\n\n\n<h3 class=\"wp-block-heading\">\u00dcbersicht der Verarbeitungen<\/h3>\n\n\n\n<p>Die nachfolgende \u00dcbersicht fasst die Arten der verarbeiteten Daten und die Zwecke ihrer Verarbeitung zusammen und verweist auf die betroffenen Personen.<\/p>\n\n\n\n<h3 class=\"wp-block-heading\">Arten der verarbeiteten Daten<\/h3>\n\n\n\n<ul class=\"wp-block-list\">\n<li>Bestandsdaten (z.B. Namen, Adressen).<\/li>\n\n\n\n<li>Zahlungsdaten (z.B. Bankverbindungen, Rechnungen).<\/li>\n\n\n\n<li>Kontaktdaten (z.B. E-Mail, Telefonnumern).<\/li>\n\n\n\n<li>Inhaltsdaten (z.B. Eingabe in Onlineformularen).<\/li>\n\n\n\n<li>Nutzungsdaten (z.B. besuchte Websiten, Interesse an Inhalten, Zugriffszeiten).<\/li>\n\n\n\n<li>Meta-, Kommunikations- und Verfahrensdaten (z.B. Ger\u00e4te-Informationen, IP-Adressen).<\/li>\n\n\n\n<li>Event-Daten (z.B. Facebook).<\/li>\n<\/ul>\n\n\n\n<h3 class=\"wp-block-heading\">Kategorien betroffener Personen<\/h3>\n\n\n\n<ul class=\"wp-block-list\">\n<li>Kunden.<\/li>\n\n\n\n<li>Interessenten.<\/li>\n\n\n\n<li>Kommunikationspartner.<\/li>\n\n\n\n<li>Nutzer (z.B. Webseitenbesucher, Nutzer von Onlinediensten).<\/li>\n<\/ul>\n\n\n\n<h3 class=\"wp-block-heading\">Zwecke der Verarbeitung<\/h3>\n\n\n\n<ul class=\"wp-block-list\">\n<li>Erbringung vertraglicher Leistungen und Kundenservice.<\/li>\n\n\n\n<li>Kontaktanfragen und Kommunikation.<\/li>\n\n\n\n<li>Sicherheitsma\u00dfnahmen.<\/li>\n\n\n\n<li>Direktmarketing (z.B. per E-Mail oder postalisch).<\/li>\n\n\n\n<li>Reichweitenmessung (z.B. Zugriffsstatistiken, Erkennung wiederkehrender Besucher).<\/li>\n\n\n\n<li>Konversionsmessung.<\/li>\n\n\n\n<li>Feedback.<\/li>\n\n\n\n<li>Marketing.<\/li>\n\n\n\n<li>Profile mit nutzerbezogenen Informationen.<\/li>\n\n\n\n<li>Bereitstellung unseres Onlineangebotes und Nutzerfreundlichkeit.<\/li>\n\n\n\n<li>Informationstechnische Infrastruktur.<\/li>\n<\/ul>\n\n\n\n<h3 class=\"wp-block-heading\">Ma\u00dfgebliche Rechtsgrundlagen<\/h3>\n\n\n\n<p>Im Folgenden erhalten Sie eine \u00dcbersicht der Rechtsgrundlagen der DSGVO, auf deren Basis wir personenbezogene Daten verarbeiten. Bitte nehmen Sie zur Kenntnis, dass neben den Regelungen der DSGVO nationale Datenschutzvorgaben in Ihrem bzw. unserem Wohn- oder Sitzland gelten k\u00f6nnen. Sollten ferner im Einzelfall speziellere Rechtsgrundlagen ma\u00dfgeblich sein, teilen wir Ihnen diese in der Datenschutzerkl\u00e4rung mit.<\/p>\n\n\n\n<ul class=\"wp-block-list\">\n<li><strong>Einwilligung (Art. 6 Abs. 1 S. 1 lit. a) DSGVO)<\/strong>&nbsp;&#8211; Die betroffene Person hat ihre Einwilligung in die Verarbeitung der sie betreffenden personenbezogenen Daten f\u00fcr einen spezifischen Zweck oder mehrere bestimmte Zwecke gegeben.<\/li>\n<\/ul>\n\n\n\n<ul class=\"wp-block-list\">\n<li><strong>Vertragserf\u00fcllung und vorvertragliche Anfragen (Art. 6 Abs. 1 S. 1 lit. b) DSGVO)<\/strong>&nbsp;&#8211; Die Verarbeitung ist f\u00fcr die Erf\u00fcllung eines Vertrags, dessen Vertragspartei die betroffene Person ist, oder zur Durchf\u00fchrung vorvertraglicher Ma\u00dfnahmen erforderlich, die auf Anfrage der betroffenen Person erfolgen.<\/li>\n<\/ul>\n\n\n\n<ul class=\"wp-block-list\">\n<li><strong>Berechtigte Interessen (Art. 6 Abs. 1 S. 1 lit. f) DSGVO)<\/strong>&nbsp;&#8211; Die Verarbeitung ist zur Wahrung der berechtigten Interessen des Verantwortlichen oder eines Dritten erforderlich, sofern nicht die Interessen oder Grundrechte und Grundfreiheiten der betroffenen Person, die den Schutz personenbezogener Daten erfordern, \u00fcberwiegen.<\/li>\n<\/ul>\n\n\n\n<p>Zus\u00e4tzlich zu den Datenschutzregelungen der DSGVO gelten nationale Regelungen zum Datenschutz in Deutschland. Hierzu geh\u00f6rt insbesondere das Gesetz zum Schutz vor Missbrauch personenbezogener Daten bei der Datenverarbeitung (Bundesdatenschutzgesetz \u2013 BDSG). Das BDSG enth\u00e4lt insbesondere Spezialregelungen zum Recht auf Auskunft, zum Recht auf L\u00f6schung, zum Widerspruchsrecht, zur Verarbeitung besonderer Kategorien personenbezogener Daten, zur Verarbeitung f\u00fcr andere Zwecke und zur \u00dcbermittlung sowie automatisierten Entscheidungsfindung im Einzelfall einschlie\u00dflich Profiling. Des Weiteren regelt es die Datenverarbeitung f\u00fcr Zwecke des Besch\u00e4ftigungsverh\u00e4ltnisses (\u00a7 26 BDSG), insbesondere im Hinblick auf die Begr\u00fcndung, Durchf\u00fchrung oder Beendigung von Besch\u00e4ftigungsverh\u00e4ltnissen sowie die Einwilligung von Besch\u00e4ftigten. Ferner k\u00f6nnen Landesdatenschutzgesetze der einzelnen Bundesl\u00e4nder zur Anwendung gelangen.\u00a0<\/p>\n\n\n\n<h3 class=\"wp-block-heading\">Sicherheitsma\u00dfnahmen<\/h3>\n\n\n\n<p>Wir treffen nach Ma\u00dfgabe der gesetzlichen Vorgaben unter Ber\u00fccksichtigung des Stands der Technik, der Implementierungskosten und der Art, des Umfangs, der Umst\u00e4nde und der Zwecke der Verarbeitung sowie der unterschiedlichen Eintrittswahrscheinlichkeiten und des Ausma\u00dfes der Bedrohung der Rechte und Freiheiten nat\u00fcrlicher Personen geeignete technische und organisatorische Ma\u00dfnahmen, um ein dem Risiko angemessenes Schutzniveau zu gew\u00e4hrleisten.<\/p>\n\n\n\n<p>Zu den Ma\u00dfnahmen geh\u00f6ren insbesondere die Sicherung der Vertraulichkeit, Integrit\u00e4t und Verf\u00fcgbarkeit von Daten durch Kontrolle des physischen und elektronischen Zugangs zu den Daten als auch des sie betreffenden Zugriffs, der Eingabe, der Weitergabe, der Sicherung der Verf\u00fcgbarkeit und ihrer Trennung. Des Weiteren haben wir Verfahren eingerichtet, die eine Wahrnehmung von Betroffenenrechten, die L\u00f6schung von Daten und Reaktionen auf die Gef\u00e4hrdung der Daten gew\u00e4hrleisten. Ferner ber\u00fccksichtigen wir den Schutz personenbezogener Daten bereits bei der Entwicklung bzw. Auswahl von Hardware, Software sowie Verfahren entsprechend dem Prinzip des Datenschutzes, durch Technikgestaltung und durch datenschutzfreundliche Voreinstellungen.<\/p>\n\n\n\n<p>TLS-Verschl\u00fcsselung (https): Um Ihre via unserem Online-Angebot \u00fcbermittelten Daten zu sch\u00fctzen, nutzen wir eine TLS-Verschl\u00fcsselung. Sie erkennen derart verschl\u00fcsselte Verbindungen an dem Pr\u00e4fix https:\/\/ in der Adresszeile Ihres Browsers.<\/p>\n\n\n\n<h3 class=\"wp-block-heading\">\u00dcbermittlung von personenbezogenen Daten<\/h3>\n\n\n\n<p>Im Rahmen unserer Verarbeitung von personenbezogenen Daten kommt es vor, dass die Daten an andere Stellen, Unternehmen, rechtlich selbstst\u00e4ndige Organisationseinheiten oder Personen \u00fcbermittelt oder sie ihnen gegen\u00fcber offengelegt werden. Zu den Empf\u00e4ngern dieser Daten k\u00f6nnen z.B. mit IT-Aufgaben beauftragte Dienstleister oder Anbieter von Diensten und Inhalten, die in eine Webseite eingebunden werden, geh\u00f6ren. In solchen F\u00e4llen beachten wir die gesetzlichen Vorgaben und schlie\u00dfen insbesondere entsprechende Vertr\u00e4ge bzw. Vereinbarungen, die dem Schutz Ihrer Daten dienen, mit den Empf\u00e4ngern Ihrer Daten ab.<\/p>\n\n\n\n<h3 class=\"wp-block-heading\">L\u00f6schung von Daten<\/h3>\n\n\n\n<p>Die von uns verarbeiteten Daten werden nach Ma\u00dfgabe der gesetzlichen Vorgaben gel\u00f6scht, sobald deren zur Verarbeitung erlaubten Einwilligungen widerrufen werden oder sonstige Erlaubnisse entfallen (z.B. wenn der Zweck der Verarbeitung dieser Daten entfallen ist oder sie f\u00fcr den Zweck nicht erforderlich sind).&nbsp;<\/p>\n\n\n\n<p>Sofern die Daten nicht gel\u00f6scht werden, weil sie f\u00fcr andere und gesetzlich zul\u00e4ssige Zwecke erforderlich sind, wird deren Verarbeitung auf diese Zwecke beschr\u00e4nkt. D.h., die Daten werden gesperrt und nicht f\u00fcr andere Zwecke verarbeitet. Das gilt z.B. f\u00fcr Daten, die aus handels- oder steuerrechtlichen Gr\u00fcnden aufbewahrt werden m\u00fcssen oder deren Speicherung zur Geltendmachung, Aus\u00fcbung oder Verteidigung von Rechtsanspr\u00fcchen oder zum Schutz der Rechte einer anderen nat\u00fcrlichen oder juristischen Person erforderlich ist.&nbsp;<\/p>\n\n\n\n<p>Unsere Datenschutzhinweise k\u00f6nnen ferner weitere Angaben zu der Aufbewahrung und L\u00f6schung von Daten beinhalten, die f\u00fcr die jeweiligen Verarbeitungen vorrangig gelten.<\/p>\n\n\n\n<h3 class=\"wp-block-heading\">Einsatz von Cookies<\/h3>\n\n\n\n<p>Cookies sind kleine Textdateien, bzw. sonstige Speichervermerke, die Informationen auf Endger\u00e4ten speichern und Informationen aus den Endger\u00e4ten auslesen. Z.B. um den Login-Status in einem Nutzerkonto, einen Warenkorbinhalt in einem E-Shop, die aufgerufenen Inhalte oder verwendete Funktionen eines Onlineangebotes speichern. Cookies k\u00f6nnen ferner zu unterschiedlichen Zwecken eingesetzt werden, z.B. zu Zwecken der Funktionsf\u00e4higkeit, Sicherheit und Komfort von Onlineangeboten sowie der Erstellung von Analysen der Besucherstr\u00f6me.&nbsp;<\/p>\n\n\n\n<p><strong>Hinweise zu datenschutzrechtlichen Rechtsgrundlagen:<\/strong><strong>&nbsp;<\/strong>Auf welcher datenschutzrechtlichen Rechtsgrundlage wir die personenbezogenen Daten der Nutzer mit Hilfe von Cookies verarbeiten, h\u00e4ngt davon ab, ob wir Nutzer um eine Einwilligung bitten. Falls die Nutzer einwilligen, ist die Rechtsgrundlage der Verarbeitung Ihrer Daten die erkl\u00e4rte Einwilligung. Andernfalls werden die mithilfe von Cookies verarbeiteten Daten auf Grundlage unserer berechtigten Interessen (z.B. an einem betriebswirtschaftlichen Betrieb unseres Onlineangebotes und Verbesserung seiner Nutzbarkeit) verarbeitet oder, wenn dies im Rahmen der Erf\u00fcllung unserer vertraglichen Pflichten erfolgt, wenn der Einsatz von Cookies erforderlich ist, um unsere vertraglichen Verpflichtungen zu erf\u00fcllen. Zu welchen Zwecken die Cookies von uns verarbeitet werden, dar\u00fcber kl\u00e4ren wir im Laufe dieser Datenschutzerkl\u00e4rung oder im Rahmen von unseren Einwilligungs- und Verarbeitungsprozessen auf.<\/p>\n\n\n\n<p><strong>Speicherdauer:&nbsp;<\/strong>Im Hinblick auf die Speicherdauer werden die folgenden Arten von Cookies unterschieden:<\/p>\n\n\n\n<ul class=\"wp-block-list\">\n<li><strong>Tempor\u00e4re Cookies (auch: Session- oder Sitzungs-Cookies):<\/strong>&nbsp;Tempor\u00e4re Cookies werden sp\u00e4testens gel\u00f6scht, nachdem ein Nutzer ein Online-Angebot verlassen und sein Endger\u00e4t (z.B. Browser oder mobile Applikation) geschlossen hat.<\/li>\n<\/ul>\n\n\n\n<ul class=\"wp-block-list\">\n<li><strong>Permanente Cookies:<\/strong>&nbsp;Permanente Cookies bleiben auch nach dem Schlie\u00dfen des Endger\u00e4tes gespeichert. So k\u00f6nnen beispielsweise der Login-Status gespeichert oder bevorzugte Inhalte direkt angezeigt werden, wenn der Nutzer eine Website erneut besucht. Ebenso k\u00f6nnen die mit Hilfe von Cookies erhobenen Daten der Nutzer zur Reichweitenmessung verwendet werden. Sofern wir Nutzern&nbsp;keine expliziten Angaben zur Art und Speicherdauer von Cookies mitteilen (z. B. im Rahmen der Einholung der Einwilligung), sollten Nutzer davon ausgehen, dass Cookies permanent sind und die Speicherdauer bis zu zwei Jahre betragen kann.<\/li>\n<\/ul>\n\n\n\n<p><strong>Allgemeine Hinweise zum Widerruf und Widerspruch (Opt-Out):\u00a0<\/strong>Nutzer k\u00f6nnen die von ihnen abgegebenen Einwilligungen jederzeit widerrufen und zudem einen Widerspruch gegen die Verarbeitung entsprechend\u00a0den gesetzlichen Vorgaben im Art. 21 DSGVO einlegen.\u00a0Nutzer k\u00f6nnen ihren Widerspruch auch \u00fcber die Einstellungen ihres Browsers erkl\u00e4ren, z.B. durch Deaktivierung der Verwendung von Cookies (wobei dadurch auch die Funktionalit\u00e4t unserer Online-Dienste eingeschr\u00e4nkt sein kann). Ein Widerspruch gegen die Verwendung von Cookies zu Online-Marketing-Zwecken kann auch \u00fcber die Websites\u00a0<a rel=\"noreferrer noopener\" href=\"https:\/\/optout.aboutads.info\/\" target=\"_blank\">https:\/\/optout.aboutads.info<\/a>\u00a0und\u00a0<a rel=\"noreferrer noopener\" href=\"https:\/\/www.youronlinechoices.com\/\" target=\"_blank\">https:\/\/www.youronlinechoices.com\/<\/a>\u00a0erkl\u00e4rt werden.<\/p>\n\n\n\n<h3 class=\"wp-block-heading\">Einsatz von Online-Plattformen zu Angebots- und Vertriebszwecken<\/h3>\n\n\n\n<p>Wir bieten unsere Leistungen auf Online-Plattformen, die von anderen Dienstanbietern betrieben werden, an. In diesem Zusammenhang gelten zus\u00e4tzlich zu unseren Datenschutzhinweisen die Datenschutzhinweise der jeweiligen Plattformen. Dies gilt insbesondere im Hinblick auf die Durchf\u00fchrung des Zahlungsvorgangs und der auf den Plattformen eingesetzten Verfahren zur Reichweitemessung und zum interessensbezogenen Marketing.<\/p>\n\n\n\n<ul class=\"wp-block-list\">\n<li><strong>Verarbeitete Datenarten:<\/strong>&nbsp;Bestandsdaten (z.B. Namen, Adressen); Zahlungsdaten (z.B. Bankverbindungen, Rechnungen, Zahlungshistorie); Kontaktdaten (z.B. E-Mail, Telefonnummern); Vertragsdaten (z.B. Vertragsgegenstand, Laufzeit, Kundenkategorie); Nutzungsdaten (z.B. besuchte Webseiten, Interesse an Inhalten, Zugriffszeiten); Meta-, Kommunikations- und Verfahrensdaten (z. B. IP-Adressen, Zeitangaben, Identifikationsnummern, Einwilligungsstatus).<\/li>\n<\/ul>\n\n\n\n<ul class=\"wp-block-list\">\n<li><strong>Betroffene Personen:<\/strong>&nbsp;Kunden.<\/li>\n<\/ul>\n\n\n\n<ul class=\"wp-block-list\">\n<li><strong>Zwecke der Verarbeitung:<\/strong>&nbsp;Erbringung vertraglicher Leistungen und Kundenservice; Marketing.<\/li>\n<\/ul>\n\n\n\n<ul class=\"wp-block-list\">\n<li><strong>Rechtsgrundlagen:<\/strong>\u00a0Vertragserf\u00fcllung und vorvertragliche Anfragen (Art. 6 Abs. 1 S. 1 lit. b) DSGVO); Berechtigte Interessen (Art. 6 Abs. 1 S. 1 lit. f) DSGVO).<\/li>\n<\/ul>\n\n\n\n<h3 class=\"wp-block-heading\">Zahlungsverfahren<\/h3>\n\n\n\n<p>Im Rahmen von Vertrags- und sonstigen Rechtsbeziehungen, aufgrund gesetzlicher Pflichten oder sonst auf Grundlage unserer berechtigten Interessen bieten wir den betroffenen Personen effiziente und sichere Zahlungsm\u00f6glichkeiten an und setzen hierzu neben Banken und Kreditinstituten weitere Dienstleister ein (zusammenfassend &#8222;Zahlungsdienstleister&#8220;).<\/p>\n\n\n\n<p>Zu den durch die Zahlungsdienstleister verarbeiteten Daten geh\u00f6ren Bestandsdaten, wie z.B. der Name und die Adresse, Bankdaten, wie z.B. Kontonummern oder Kreditkartennummern, Passw\u00f6rter, TANs und Pr\u00fcfsummen sowie die Vertrags-, Summen- und empf\u00e4ngerbezogenen Angaben. Die Angaben sind erforderlich, um die Transaktionen durchzuf\u00fchren. Die eingegebenen Daten werden jedoch nur durch die Zahlungsdienstleister verarbeitet und bei diesen gespeichert. D.h., wir erhalten keine konto- oder kreditkartenbezogenen Informationen, sondern lediglich Informationen mit Best\u00e4tigung oder Negativbeauskunftung der Zahlung. Unter Umst\u00e4nden werden die Daten seitens der Zahlungsdienstleister an Wirtschaftsauskunfteien \u00fcbermittelt. Diese \u00dcbermittlung bezweckt die Identit\u00e4ts- und Bonit\u00e4tspr\u00fcfung. Hierzu verweisen wir auf die AGB und die Datenschutzhinweise der Zahlungsdienstleister.<\/p>\n\n\n\n<p>F\u00fcr die Zahlungsgesch\u00e4fte gelten die Gesch\u00e4ftsbedingungen und die Datenschutzhinweise der jeweiligen Zahlungsdienstleister, welche innerhalb der jeweiligen Webseiten bzw. Transaktionsapplikationen abrufbar sind. Wir verweisen auf diese ebenfalls zwecks weiterer Informationen und Geltendmachung von Widerrufs-, Auskunfts- und anderen Betroffenenrechten.<\/p>\n\n\n\n<ul class=\"wp-block-list\">\n<li><strong>Verarbeitete Datenarten:<\/strong>&nbsp;Bestandsdaten (z.B. Namen, Adressen); Zahlungsdaten (z.B. Bankverbindungen, Rechnungen, Zahlungshistorie); Vertragsdaten (z.B. Vertragsgegenstand, Laufzeit, Kundenkategorie); Nutzungsdaten (z.B. besuchte Webseiten, Interesse an Inhalten, Zugriffszeiten); Meta-, Kommunikations- und Verfahrensdaten (z. B. IP-Adressen, Zeitangaben, Identifikationsnummern, Einwilligungsstatus).<\/li>\n<\/ul>\n\n\n\n<ul class=\"wp-block-list\">\n<li><strong>Betroffene Personen:<\/strong>&nbsp;Kunden; Interessenten.<\/li>\n<\/ul>\n\n\n\n<ul class=\"wp-block-list\">\n<li><strong>Zwecke der Verarbeitung:<\/strong>&nbsp;Erbringung vertraglicher Leistungen und Kundenservice.<\/li>\n\n\n\n<li><strong>Rechtsgrundlagen:<\/strong>&nbsp;Vertragserf\u00fcllung und vorvertragliche Anfragen (Art. 6 Abs. 1 S. 1 lit. b) DSGVO).<\/li>\n<\/ul>\n\n\n\n<p><strong>Weitere Hinweise zu Verarbeitungsprozessen, Verfahren und Diensten:<\/strong><\/p>\n\n\n\n<ul class=\"wp-block-list\">\n<li><strong>PayPal:\u00a0<\/strong>Zahlungsdienstleistungen (technische Anbindung von Online-Bezahlmethoden) (z.B. PayPal, PayPal Plus, Braintree);\u00a0<strong>Dienstanbieter:<\/strong>PayPal (Europe) S.\u00e0 r.l. et Cie, S.C.A., 22-24 Boulevard Royal, L-2449 Luxembourg;\u00a0<strong>Rechtsgrundlagen:<\/strong>\u00a0Vertragserf\u00fcllung und vorvertragliche Anfragen (Art. 6 Abs. 1 S. 1 lit. b) DSGVO);\u00a0<strong>Website:<\/strong>\u00a0<a rel=\"noreferrer noopener\" href=\"https:\/\/www.paypal.com\/de\" target=\"_blank\">https:\/\/www.paypal.com\/de<\/a>;\u00a0<strong>Datenschutzerkl\u00e4rung:<\/strong>\u00a0<a rel=\"noreferrer noopener\" href=\"https:\/\/www.paypal.com\/de\/webapps\/mpp\/ua\/privacy-full\" target=\"_blank\">https:\/\/www.paypal.com\/de\/webapps\/mpp\/ua\/privacy-full<\/a>.\u00a0<\/li>\n<\/ul>\n\n\n\n<h3 class=\"wp-block-heading\">Bereitstellung des Onlineangebotes und Webhosting<\/h3>\n\n\n\n<p>Wir verarbeiten die Daten der Nutzer, um ihnen unsere Online-Dienste zur Verf\u00fcgung stellen zu k\u00f6nnen. Zu diesem Zweck verarbeiten wir die IP-Adresse des Nutzers, die notwendig ist, um die Inhalte und Funktionen unserer Online-Dienste an den Browser oder das Endger\u00e4t der Nutzer zu \u00fcbermitteln.<\/p>\n\n\n\n<ul class=\"wp-block-list\">\n<li><strong>Verarbeitete Datenarten:<\/strong>&nbsp;Nutzungsdaten (z.B. besuchte Webseiten, Interesse an Inhalten, Zugriffszeiten); Meta-, Kommunikations- und Verfahrensdaten (z. B. IP-Adressen, Zeitangaben, Identifikationsnummern, Einwilligungsstatus).<\/li>\n<\/ul>\n\n\n\n<ul class=\"wp-block-list\">\n<li><strong>Betroffene Personen:<\/strong>&nbsp;Nutzer (z.B. Webseitenbesucher, Nutzer von Onlinediensten).<\/li>\n<\/ul>\n\n\n\n<ul class=\"wp-block-list\">\n<li><strong>Zwecke der Verarbeitung:<\/strong>&nbsp;Bereitstellung unseres Onlineangebotes und Nutzerfreundlichkeit; Informationstechnische Infrastruktur (Betrieb und Bereitstellung von Informationssystemen und technischen Ger\u00e4ten (Computer, Server etc.).); Sicherheitsma\u00dfnahmen.<\/li>\n<\/ul>\n\n\n\n<ul class=\"wp-block-list\">\n<li><strong>Rechtsgrundlagen:<\/strong>&nbsp;Berechtigte Interessen (Art. 6 Abs. 1 S. 1 lit. f) DSGVO).<\/li>\n<\/ul>\n\n\n\n<h3 class=\"wp-block-heading\">Audioinhalte<\/h3>\n\n\n\n<p>Wir nutzen Hosting- und Analyse-Angebote von Dienstanbieter, um unsere Audio-Inhalte zum Anh\u00f6ren bzw. zum Download anzubieten und statistische Informationen zum Abruf der Audio-Inhalte zu erhalten.<\/p>\n\n\n\n<ul class=\"wp-block-list\">\n<li><strong>Verarbeitete Datenarten:<\/strong>&nbsp;Nutzungsdaten (z.B. besuchte Webseiten, Interesse an Inhalten, Zugriffszeiten); Meta-, Kommunikations- und Verfahrensdaten (z. B. IP-Adressen, Zeitangaben, Identifikationsnummern, Einwilligungsstatus).<\/li>\n<\/ul>\n\n\n\n<ul class=\"wp-block-list\">\n<li><strong>Betroffene Personen:<\/strong>&nbsp;Nutzer (z.B. Webseitenbesucher, Nutzer von Onlinediensten).<\/li>\n<\/ul>\n\n\n\n<ul class=\"wp-block-list\">\n<li><strong>Zwecke der Verarbeitung:<\/strong>&nbsp;Reichweitenmessung (z.B. Zugriffsstatistiken, Erkennung wiederkehrender Besucher); Konversionsmessung (Messung der Effektivit\u00e4t von Marketingma\u00dfnahmen); Profile mit nutzerbezogenen Informationen (Erstellen von Nutzerprofilen); Bereitstellung unseres Onlineangebotes und Nutzerfreundlichkeit.<\/li>\n<\/ul>\n\n\n\n<ul class=\"wp-block-list\">\n<li><strong>Rechtsgrundlagen:<\/strong>&nbsp;Berechtigte Interessen (Art. 6 Abs. 1 S. 1 lit. f) DSGVO).<\/li>\n<\/ul>\n\n\n\n<p><strong>Weitere Hinweise zu Verarbeitungsprozessen, Verfahren und Diensten:<\/strong><\/p>\n\n\n\n<ul class=\"wp-block-list\">\n<li><strong>Spotify:\u00a0<\/strong>Spotify &#8211; Musikhosting und Widget;\u00a0<strong>Dienstanbieter:<\/strong>\u00a0Spotify AB, Regeringsgatan 19, SE-111 53 Stockholm, Schweden;\u00a0<strong>Rechtsgrundlagen:<\/strong>Berechtigte Interessen (Art. 6 Abs. 1 S. 1 lit. f) DSGVO);\u00a0<strong>Website:<\/strong><a rel=\"noreferrer noopener\" href=\"https:\/\/www.spotify.com\/de\" target=\"_blank\">https:\/\/www.spotify.com\/de<\/a>;\u00a0<strong>Datenschutzerkl\u00e4rung:<\/strong>\u00a0<a rel=\"noreferrer noopener\" href=\"https:\/\/www.spotify.com\/de\/legal\/privacy-policy\/\" target=\"_blank\">https:\/\/www.spotify.com\/de\/legal\/privacy-policy\/<\/a>.<\/li>\n<\/ul>\n\n\n\n<h3 class=\"wp-block-heading\">Newsletter und elektronische Benachrichtigungen<\/h3>\n\n\n\n<p>Wir versenden Newsletter, E-Mails und weitere elektronische Benachrichtigungen (nachfolgend &#8222;Newsletter\u201c) nur mit der Einwilligung der Empf\u00e4nger oder einer gesetzlichen Erlaubnis. Sofern im Rahmen einer Anmeldung zum Newsletter dessen Inhalte konkret umschrieben werden, sind sie f\u00fcr die Einwilligung der Nutzer ma\u00dfgeblich. Im \u00dcbrigen enthalten unsere Newsletter Informationen zu unseren Leistungen und uns.<\/p>\n\n\n\n<p>Um sich zu unseren Newslettern anzumelden, reicht es grunds\u00e4tzlich aus, wenn Sie Ihre E-Mail-Adresse angeben. Wir k\u00f6nnen Sie jedoch bitten, einen Namen, zwecks pers\u00f6nlicher Ansprache im Newsletter, oder weitere Angaben, sofern diese f\u00fcr die Zwecke des Newsletters erforderlich sind, zu t\u00e4tigen.<\/p>\n\n\n\n<p><strong>Double-Opt-In-Verfahren:<\/strong>&nbsp;Die Anmeldung zu unserem Newsletter erfolgt grunds\u00e4tzlich in einem sogenannte Double-Opt-In-Verfahren. D.h., Sie erhalten nach der Anmeldung eine E-Mail, in der Sie um die Best\u00e4tigung Ihrer Anmeldung gebeten werden. Diese Best\u00e4tigung ist notwendig, damit sich niemand mit fremden E-Mail-Adressen anmelden kann. Die Anmeldungen zum Newsletter werden protokolliert, um den Anmeldeprozess entsprechend den rechtlichen Anforderungen nachweisen zu k\u00f6nnen. Hierzu geh\u00f6rt die Speicherung des Anmelde- und des Best\u00e4tigungszeitpunkts als auch der IP-Adresse. Ebenso werden die \u00c4nderungen Ihrer bei dem Versanddienstleister gespeicherten Daten protokolliert.<\/p>\n\n\n\n<p><strong>L\u00f6schung und Einschr\u00e4nkung der Verarbeitung:<\/strong><strong>&nbsp;<\/strong>Wir k\u00f6nnen die ausgetragenen E-Mail-Adressen bis zu drei Jahren auf Grundlage unserer berechtigten Interessen speichern, bevor wir sie l\u00f6schen, um eine ehemals gegebene Einwilligung nachweisen zu k\u00f6nnen. Die Verarbeitung dieser Daten wird auf den Zweck einer m\u00f6glichen Abwehr von Anspr\u00fcchen beschr\u00e4nkt. Ein individueller L\u00f6schungsantrag ist jederzeit m\u00f6glich, sofern zugleich das ehemalige Bestehen einer Einwilligung best\u00e4tigt wird. Im Fall von Pflichten zur dauerhaften Beachtung von Widerspr\u00fcchen behalten wir uns die Speicherung der E-Mail-Adresse alleine zu diesem Zweck in einer Sperrliste (sogenannte &#8222;Blocklist&#8220;) vor.<\/p>\n\n\n\n<p>Die Protokollierung des Anmeldeverfahrens erfolgt auf Grundlage unserer berechtigten Interessen zu Zwecken des Nachweises seines ordnungsgem\u00e4\u00dfen Ablaufs. Soweit wir einen Dienstleister mit dem Versand von E-Mails beauftragen, erfolgt dies auf Grundlage unserer berechtigten Interessen an einem effizienten und sicheren Versandsystem.<\/p>\n\n\n\n<p><strong>Inhalte:<\/strong><\/p>\n\n\n\n<p>Informationen zu uns, unseren Leistungen, Aktionen und Angeboten.<\/p>\n\n\n\n<ul class=\"wp-block-list\">\n<li><strong>Verarbeitete Datenarten:<\/strong>&nbsp;Bestandsdaten (z.B. Namen, Adressen); Kontaktdaten (z.B. E-Mail, Telefonnummern); Meta-, Kommunikations- und Verfahrensdaten (z. B. IP-Adressen, Zeitangaben, Identifikationsnummern, Einwilligungsstatus); Nutzungsdaten (z.B. besuchte Webseiten, Interesse an Inhalten, Zugriffszeiten).<\/li>\n<\/ul>\n\n\n\n<ul class=\"wp-block-list\">\n<li><strong>Betroffene Personen:<\/strong>&nbsp;Kommunikationspartner.<\/li>\n<\/ul>\n\n\n\n<ul class=\"wp-block-list\">\n<li><strong>Zwecke der Verarbeitung:<\/strong>&nbsp;Direktmarketing (z.B. per E-Mail oder postalisch).<\/li>\n<\/ul>\n\n\n\n<ul class=\"wp-block-list\">\n<li><strong>Rechtsgrundlagen:<\/strong>&nbsp;Einwilligung (Art. 6 Abs. 1 S. 1 lit. a) DSGVO); Berechtigte Interessen (Art. 6 Abs. 1 S. 1 lit. f) DSGVO).<\/li>\n<\/ul>\n\n\n\n<ul class=\"wp-block-list\">\n<li><strong>Widerspruchsm\u00f6glichkeit (Opt-Out):<\/strong><strong>&nbsp;<\/strong>Sie k\u00f6nnen den Empfang unseres Newsletters jederzeit k\u00fcndigen, d.h. Ihre Einwilligungen widerrufen, bzw. dem weiteren Empfang widersprechen. Einen Link zur K\u00fcndigung des Newsletters finden Sie entweder am Ende eines jeden Newsletters oder k\u00f6nnen sonst eine der oben angegebenen Kontaktm\u00f6glichkeiten, vorzugsw\u00fcrdig E-Mail, hierzu nutzen.<\/li>\n<\/ul>\n\n\n\n<p><strong>Weitere Hinweise zu Verarbeitungsprozessen, Verfahren und Diensten:<\/strong><\/p>\n\n\n\n<ul class=\"wp-block-list\">\n<li><strong>Messung von \u00d6ffnungs- und Klickraten:<\/strong><strong>&nbsp;<\/strong>Die Newsletter enthalten einen sogenannte &#8222;web-beacon\u201c, d.h., eine pixelgro\u00dfe Datei, die beim \u00d6ffnen des Newsletters von unserem Server, bzw., sofern wir einen Versanddienstleister einsetzen, von dessen Server abgerufen wird. Im Rahmen dieses Abrufs werden zun\u00e4chst technische Informationen, wie Informationen zum Browser und Ihrem System, als auch Ihre IP-Adresse und der Zeitpunkt des Abrufs, erhoben. Diese Informationen werden zur technischen Verbesserung unseres Newsletters anhand der technischen Daten oder der Zielgruppen und ihres Leseverhaltens auf Basis ihrer Abruforte (die mit Hilfe der IP-Adresse bestimmbar sind) oder der Zugriffszeiten genutzt. Diese Analyse beinhaltet ebenfalls die Feststellung, ob die Newsletter ge\u00f6ffnet werden, wann sie ge\u00f6ffnet werden und welche Links geklickt werden. Diese Informationen werden den einzelnen Newsletterempf\u00e4ngern zugeordnet und in deren Profilen bis zu deren L\u00f6schung gespeichert. Die Auswertungen dienen uns dazu, die Lesegewohnheiten unserer Nutzer zu erkennen und unsere Inhalte an sie anzupassen oder unterschiedliche Inhalte entsprechend den Interessen unserer Nutzer zu versenden. Die Messung der \u00d6ffnungsraten und der Klickraten sowie Speicherung der Messergebnisse in den Profilen der Nutzer&nbsp;&#8211; Dieser Textbereich muss mit einer Premium Lizenz freischaltet werden.&nbsp;<strong>Rechtsgrundlagen:<\/strong>&nbsp;Einwilligung (Art. 6 Abs. 1 S. 1 lit. a) DSGVO).<\/li>\n<\/ul>\n\n\n\n<ul class=\"wp-block-list\">\n<li><strong>CleverReach:\u00a0<\/strong>E-Mail-Marketing-Plattform;\u00a0<strong>Dienstanbieter:<\/strong>\u00a0CleverReach GmbH &amp; Co. KG, \/\/CRASH Building, Schafj\u00fcckenweg 2, 26180 Rastede, Deutschland;\u00a0<strong>Rechtsgrundlagen:<\/strong>\u00a0Berechtigte Interessen (Art. 6 Abs. 1 S. 1 lit. f) DSGVO);\u00a0<strong>Website:<\/strong>\u00a0<a rel=\"noreferrer noopener\" href=\"https:\/\/www.cleverreach.com\/de\" target=\"_blank\">https:\/\/www.cleverreach.com\/de<\/a>;\u00a0<strong>Datenschutzerkl\u00e4rung:<\/strong>\u00a0<a rel=\"noreferrer noopener\" href=\"https:\/\/www.cleverreach.com\/de\/datenschutz\/\" target=\"_blank\">https:\/\/www.cleverreach.com\/de\/datenschutz\/<\/a>;\u00a0<strong>Auftragsverarbeitungsvertrag:<\/strong>\u00a0Wird vom Dienstanbieter bereitgestellt.<\/li>\n<\/ul>\n\n\n\n<h3 class=\"wp-block-heading\">Pr\u00e4senzen in sozialen Netzwerken (Social Media)<\/h3>\n\n\n\n<p>Wir unterhalten Onlinepr\u00e4senzen innerhalb sozialer Netzwerke und verarbeiten in diesem Rahmen Daten der Nutzer, um mit den dort aktiven Nutzern zu kommunizieren oder um Informationen \u00fcber uns anzubieten.<\/p>\n\n\n\n<p>Wir weisen darauf hin, dass dabei Daten der Nutzer au\u00dferhalb des Raumes der Europ\u00e4ischen Union verarbeitet werden k\u00f6nnen. Hierdurch k\u00f6nnen sich f\u00fcr die Nutzer Risiken ergeben, weil so z.B. die Durchsetzung der Rechte der Nutzer erschwert werden k\u00f6nnte.<\/p>\n\n\n\n<p>Ferner werden die Daten der Nutzer innerhalb sozialer Netzwerke im Regelfall f\u00fcr Marktforschungs- und Werbezwecke verarbeitet. So k\u00f6nnen z.B. anhand des Nutzungsverhaltens und sich daraus ergebender Interessen der Nutzer Nutzungsprofile erstellt werden. Die Nutzungsprofile k\u00f6nnen wiederum verwendet werden, um z.B. Werbeanzeigen innerhalb und au\u00dferhalb der Netzwerke zu schalten, die mutma\u00dflich den Interessen der Nutzer entsprechen. Zu diesen Zwecken werden im Regelfall Cookies auf den Rechnern der Nutzer gespeichert, in denen das Nutzungsverhalten und die Interessen der Nutzer gespeichert werden. Ferner k\u00f6nnen in den Nutzungsprofilen auch Daten unabh\u00e4ngig der von den Nutzern verwendeten Ger\u00e4te gespeichert werden (insbesondere, wenn die Nutzer Mitglieder der jeweiligen Plattformen sind und bei diesen eingeloggt sind).<\/p>\n\n\n\n<p>F\u00fcr eine detaillierte Darstellung der jeweiligen Verarbeitungsformen und der Widerspruchsm\u00f6glichkeiten (Opt-Out) verweisen wir auf die Datenschutzerkl\u00e4rungen und Angaben der Betreiber der jeweiligen Netzwerke.<\/p>\n\n\n\n<p>Auch im Fall von Auskunftsanfragen und der Geltendmachung von Betroffenenrechten weisen wir darauf hin, dass diese am effektivsten bei den Anbietern geltend gemacht werden k\u00f6nnen. Nur die Anbieter haben jeweils Zugriff auf die Daten der Nutzer und k\u00f6nnen direkt entsprechende Ma\u00dfnahmen ergreifen und Ausk\u00fcnfte geben. Sollten Sie dennoch Hilfe ben\u00f6tigen, dann k\u00f6nnen Sie sich an uns wenden.<\/p>\n\n\n\n<ul class=\"wp-block-list\">\n<li><strong>Verarbeitete Datenarten:<\/strong>&nbsp;Kontaktdaten (z.B. E-Mail, Telefonnummern); Inhaltsdaten (z.B. Eingaben in Onlineformularen); Nutzungsdaten (z.B. besuchte Webseiten, Interesse an Inhalten, Zugriffszeiten); Meta-, Kommunikations- und Verfahrensdaten (z. B. IP-Adressen, Zeitangaben, Identifikationsnummern, Einwilligungsstatus).<\/li>\n<\/ul>\n\n\n\n<ul class=\"wp-block-list\">\n<li><strong>Betroffene Personen:<\/strong>&nbsp;Nutzer (z.B. Webseitenbesucher, Nutzer von Onlinediensten).<\/li>\n<\/ul>\n\n\n\n<ul class=\"wp-block-list\">\n<li><strong>Zwecke der Verarbeitung:<\/strong>&nbsp;Kontaktanfragen und Kommunikation; Feedback (z.B. Sammeln von Feedback via Online-Formular); Marketing.<\/li>\n<\/ul>\n\n\n\n<ul class=\"wp-block-list\">\n<li><strong>Rechtsgrundlagen:<\/strong>&nbsp;Berechtigte Interessen (Art. 6 Abs. 1 S. 1 lit. f) DSGVO).<\/li>\n<\/ul>\n\n\n\n<p><strong>Weitere Hinweise zu Verarbeitungsprozessen, Verfahren und Diensten:<\/strong><\/p>\n\n\n\n<ul class=\"wp-block-list\">\n<li><strong>Instagram:<\/strong><strong>&nbsp;<\/strong>Soziales Netzwerk;&nbsp;<strong>Dienstanbieter:<\/strong>&nbsp;Meta Platforms Irland Limited, 4 Grand Canal Square, Grand Canal Harbour, Dublin 2, Irland;&nbsp;<strong>Rechtsgrundlagen:<\/strong>&nbsp;Berechtigte Interessen (Art. 6 Abs. 1 S. 1 lit. f) DSGVO);&nbsp;<strong>Website:<\/strong>&nbsp;<a href=\"https:\/\/www.instagram.com\/\" target=\"_blank\" rel=\"noreferrer noopener\">https:\/\/www.instagram.com<\/a>;&nbsp;<strong>Datenschutzerkl\u00e4rung:<\/strong><a href=\"https:\/\/instagram.com\/about\/legal\/privacy\" target=\"_blank\" rel=\"noreferrer noopener\">https:\/\/instagram.com\/about\/legal\/privacy<\/a>.<\/li>\n<\/ul>\n\n\n\n<ul class=\"wp-block-list\">\n<li><strong>Facebook-Seiten:<\/strong><strong>&nbsp;<\/strong>Profile innerhalb des sozialen Netzwerks Facebook &#8211; Wir sind gemeinsam mit Meta Platforms Ireland Limited f\u00fcr die Erhebung (jedoch nicht die weitere Verarbeitung) von Daten der Besucher unserer Facebook-Seite (sog. &#8222;Fanpage&#8220;) verantwortlich. Zu diesen Daten geh\u00f6ren Informationen zu den Arten von Inhalten, die Nutzer sich ansehen oder mit denen sie interagieren, oder die von ihnen vorgenommenen Handlungen (siehe unter \u201eVon dir und anderen get\u00e4tigte und bereitgestellte Dinge\u201c in der Facebook-Datenrichtlinie:&nbsp;<a href=\"https:\/\/www.facebook.com\/policy\" target=\"_blank\" rel=\"noreferrer noopener\">https:\/\/www.facebook.com\/policy<\/a>), sowie Informationen \u00fcber die von den Nutzern genutzten Ger\u00e4te (z. B. IP-Adressen, Betriebssystem, Browsertyp, Spracheinstellungen, Cookie-Daten; siehe unter \u201eGer\u00e4teinformationen\u201c in der Facebook-Datenrichtlinie:&nbsp;<a href=\"https:\/\/www.facebook.com\/policy\" target=\"_blank\" rel=\"noreferrer noopener\">https:\/\/www.facebook.com\/policy<\/a>). Wie in der Facebook-Datenrichtlinie unter \u201eWie verwenden wir diese Informationen?\u201c erl\u00e4utert, erhebt und verwendet Facebook Informationen auch, um Analysedienste, so genannte &#8222;Seiten-Insights&#8220;, f\u00fcr Seitenbetreiber bereitzustellen, damit diese Erkenntnisse dar\u00fcber erhalten, wie Personen mit ihren Seiten und mit den mit ihnen verbundenen Inhalten interagieren. Wir haben mit Facebook eine spezielle Vereinbarung abgeschlossen (&#8222;Informationen zu Seiten-Insights&#8220;,&nbsp;<a href=\"https:\/\/www.facebook.com\/legal\/terms\/page_controller_addendum\" target=\"_blank\" rel=\"noreferrer noopener\">https:\/\/www.facebook.com\/legal\/terms\/page_controller_addendum<\/a>), in der insbesondere geregelt wird, welche Sicherheitsma\u00dfnahmen Facebook beachten muss und in der Facebook sich bereit erkl\u00e4rt hat die Betroffenenrechte zu erf\u00fcllen (d. h. Nutzer k\u00f6nnen z. B. Ausk\u00fcnfte oder L\u00f6schungsanfragen direkt an Facebook richten). Die Rechte der Nutzer (insbesondere auf Auskunft, L\u00f6schung, Widerspruch und Beschwerde bei zust\u00e4ndiger Aufsichtsbeh\u00f6rde), werden durch die Vereinbarungen mit Facebook nicht eingeschr\u00e4nkt. Weitere Hinweise finden sich in den &#8222;Informationen zu Seiten-Insights&#8220; (<a href=\"https:\/\/www.facebook.com\/legal\/terms\/information_about_page_insights_data\" target=\"_blank\" rel=\"noreferrer noopener\">https:\/\/www.facebook.com\/legal\/terms\/information_about_page_insights_data<\/a>);&nbsp;<strong>Dienstanbieter:<\/strong>&nbsp;Meta Platforms Ireland Limited, 4 Grand Canal Square, Grand Canal Harbour, Dublin 2, Irland;&nbsp;<strong>Rechtsgrundlagen:<\/strong>Berechtigte Interessen (Art. 6 Abs. 1 S. 1 lit. f) DSGVO);&nbsp;<strong>Website:<\/strong><a href=\"https:\/\/www.facebook.com\/\" target=\"_blank\" rel=\"noreferrer noopener\">https:\/\/www.facebook.com<\/a>;&nbsp;<strong>Datenschutzerkl\u00e4rung:<\/strong>&nbsp;<a href=\"https:\/\/www.facebook.com\/about\/privacy\" target=\"_blank\" rel=\"noreferrer noopener\">https:\/\/www.facebook.com\/about\/privacy<\/a>;&nbsp;<strong>Standardvertragsklauseln (Gew\u00e4hrleistung Datenschutzniveau bei Verarbeitung in Drittl\u00e4ndern):<\/strong>&nbsp;<a href=\"https:\/\/www.facebook.com\/legal\/EU_data_transfer_addendum\" target=\"_blank\" rel=\"noreferrer noopener\">https:\/\/www.facebook.com\/legal\/EU_data_transfer_addendum<\/a>;&nbsp;<strong>Weitere Informationen:<\/strong>&nbsp;Vereinbarung gemeinsamer Verantwortlichkeit:&nbsp;<a href=\"https:\/\/www.facebook.com\/legal\/terms\/information_about_page_insights_data\" target=\"_blank\" rel=\"noreferrer noopener\">https:\/\/www.facebook.com\/legal\/terms\/information_about_page_insights_data<\/a>. Die gemeinsame Verantwortlichkeit beschr\u00e4nkt sich auf die Erhebung durch und \u00dcbermittlung von Daten an Meta Platforms Ireland Limited, ein Unternehmen mit Sitz in der EU. Die weitere Verarbeitung der Daten liegt in der alleinigen Verantwortung von Meta Platforms Ireland Limited, was insbesondere die \u00dcbermittlung der Daten an die Muttergesellschaft Meta Platforms, Inc. in den USA betrifft (auf der Grundlage der zwischen Meta Platforms Ireland Limited und Meta Platforms, Inc. geschlossenen Standardvertragsklauseln).<\/li>\n<\/ul>\n\n\n\n<ul class=\"wp-block-list\">\n<li><strong>YouTube:\u00a0<\/strong>Soziales Netzwerk und Videoplattform;\u00a0<strong>Dienstanbieter:<\/strong>Google Ireland Limited, Gordon House, Barrow Street, Dublin 4, Irland;\u00a0<strong>Rechtsgrundlagen:<\/strong>\u00a0Berechtigte Interessen (Art. 6 Abs. 1 S. 1 lit. f) DSGVO);\u00a0<strong>Datenschutzerkl\u00e4rung:<\/strong>\u00a0<a rel=\"noreferrer noopener\" href=\"https:\/\/policies.google.com\/privacy\" target=\"_blank\">https:\/\/policies.google.com\/privacy<\/a>;\u00a0<strong>Widerspruchsm\u00f6glichkeit (Opt-Out):<\/strong>\u00a0<a rel=\"noreferrer noopener\" href=\"https:\/\/adssettings.google.com\/authenticated\" target=\"_blank\">https:\/\/adssettings.google.com\/authenticated<\/a>.<\/li>\n<\/ul>\n\n\n\n<h3 class=\"wp-block-heading\">Plugins und eingebettete Funktionen sowie Inhalte<\/h3>\n\n\n\n<p>Wir binden in unser Onlineangebot Funktions- und Inhaltselemente ein, die von den Servern ihrer jeweiligen Anbieter (nachfolgend bezeichnet als &#8222;Drittanbieter\u201d) bezogen werden. Dabei kann es sich zum Beispiel um Grafiken, Videos oder Stadtpl\u00e4ne handeln (nachfolgend einheitlich bezeichnet als &#8222;Inhalte\u201d).<\/p>\n\n\n\n<p>Die Einbindung setzt immer voraus, dass die Drittanbieter dieser Inhalte die IP-Adresse der Nutzer verarbeiten, da sie ohne die IP-Adresse die Inhalte nicht an deren Browser senden k\u00f6nnten. Die IP-Adresse ist damit f\u00fcr die Darstellung dieser Inhalte oder Funktionen erforderlich. Wir bem\u00fchen uns, nur solche Inhalte zu verwenden, deren jeweilige Anbieter die IP-Adresse lediglich zur Auslieferung der Inhalte verwenden. Drittanbieter k\u00f6nnen ferner sogenannte Pixel-Tags (unsichtbare Grafiken, auch als &#8222;Web Beacons&#8220; bezeichnet) f\u00fcr statistische oder Marketingzwecke verwenden. Durch die &#8222;Pixel-Tags&#8220; k\u00f6nnen Informationen, wie der Besucherverkehr auf den Seiten dieser Webseite, ausgewertet werden. Die pseudonymen Informationen k\u00f6nnen ferner in Cookies auf dem Ger\u00e4t der Nutzer gespeichert werden und unter anderem technische Informationen zum Browser und zum Betriebssystem, zu verweisenden Webseiten, zur Besuchszeit sowie weitere Angaben zur Nutzung unseres Onlineangebotes enthalten als auch mit solchen Informationen aus anderen Quellen verbunden werden.<\/p>\n\n\n\n<ul class=\"wp-block-list\">\n<li><strong>Verarbeitete Datenarten:<\/strong>&nbsp;Nutzungsdaten (z.B. besuchte Webseiten, Interesse an Inhalten, Zugriffszeiten); Meta-, Kommunikations- und Verfahrensdaten (z. B. IP-Adressen, Zeitangaben, Identifikationsnummern, Einwilligungsstatus); Bestandsdaten (z.B. Namen, Adressen); Kontaktdaten (z.B. E-Mail, Telefonnummern); Inhaltsdaten (z.B. Eingaben in Onlineformularen); Event-Daten (Facebook) (&#8222;Event-Daten&#8220; sind Daten, die z. B. via Facebook-Pixel (via Apps oder auf anderen Wegen) von uns an Facebook \u00fcbermittelt werden k\u00f6nnen und sich auf Personen oder deren Handlungen beziehen; Zu den Daten geh\u00f6ren z. B. Angaben \u00fcber Besuche auf Websites, Interaktionen mit Inhalten, Funktionen, Installationen von Apps, K\u00e4ufe von Produkten, etc.; die Event-Daten werden zwecks Bildung von Zielgruppen f\u00fcr Inhalte und Werbeinformationen (Custom Audiences) verarbeitet; Event Daten beinhalten nicht die eigentlichen Inhalte (wie z. B. verfasste Kommentare), keine Login-Informationen und keine Kontaktinformationen (also keine Namen, E-Mail-Adressen und Telefonnummern). Event Daten werden durch Facebook nach maximal zwei Jahren gel\u00f6scht, die aus ihnen gebildeten Zielgruppen mit der L\u00f6schung unseres Facebook-Kontos).<\/li>\n<\/ul>\n\n\n\n<ul class=\"wp-block-list\">\n<li><strong>Betroffene Personen:<\/strong>&nbsp;Nutzer (z.B. Webseitenbesucher, Nutzer von Onlinediensten).<\/li>\n<\/ul>\n\n\n\n<ul class=\"wp-block-list\">\n<li><strong>Zwecke der Verarbeitung:<\/strong>&nbsp;Bereitstellung unseres Onlineangebotes und Nutzerfreundlichkeit; Marketing; Profile mit nutzerbezogenen Informationen (Erstellen von Nutzerprofilen).<\/li>\n<\/ul>\n\n\n\n<ul class=\"wp-block-list\">\n<li><strong>Rechtsgrundlagen:<\/strong>&nbsp;Berechtigte Interessen (Art. 6 Abs. 1 S. 1 lit. f) DSGVO); Einwilligung (Art. 6 Abs. 1 S. 1 lit. a) DSGVO).<\/li>\n<\/ul>\n\n\n\n<p><strong>Weitere Hinweise zu Verarbeitungsprozessen, Verfahren und Diensten:<\/strong><\/p>\n\n\n\n<ul class=\"wp-block-list\">\n<li><strong>Facebook-Plugins und -Inhalte:<\/strong><strong>&nbsp;<\/strong>Facebook Social Plugins und Inhalte &#8211; Hierzu k\u00f6nnen z.B. Inhalte wie Bilder, Videos oder Texte und Schaltfl\u00e4chen geh\u00f6ren, mit denen Nutzer Inhalte dieses Onlineangebotes innerhalb von Facebook teilen k\u00f6nnen. Die Liste und das Aussehen der Facebook Social Plugins k\u00f6nnen hier eingesehen werden:&nbsp;<a href=\"https:\/\/developers.facebook.com\/docs\/plugins\/\" target=\"_blank\" rel=\"noreferrer noopener\">https:\/\/developers.facebook.com\/docs\/plugins\/<\/a>&nbsp;&#8211; Wir sind gemeinsam mitMeta Platforms Ireland Limited f\u00fcr die Erhebung oder den Erhalt im Rahmen einer \u00dcbermittlung (jedoch nicht die weitere Verarbeitung) von &#8222;Event-Daten&#8220;, die Facebook mittels der Facebook-Social-Plugins (und Einbettungsfunktionen f\u00fcr Inhalte), die auf unserem Onlineangebot ausgef\u00fchrt werden, erhebt oder im Rahmen einer \u00dcbermittlung zu folgenden Zwecken erh\u00e4lt, gemeinsam verantwortlich: a) Anzeige von Inhalten sowie Werbeinformationen, die den mutma\u00dflichen Interessen der Nutzer entsprechen; b) Zustellung kommerzieller und transaktionsbezogener Nachrichten (z. B. Ansprache von Nutzern via Facebook-Messenger); c) Verbesserung der Anzeigenauslieferung und Personalisierung von Funktionen und Inhalten (z. B. Verbesserung der Erkennung, welche Inhalte oder Werbeinformationen mutma\u00dflich den Interessen der Nutzer entsprechen). Wir haben mit Facebook eine spezielle Vereinbarung abgeschlossen (&#8222;Zusatz f\u00fcr Verantwortliche&#8220;,&nbsp;<a href=\"https:\/\/www.facebook.com\/legal\/controller_addendum\" target=\"_blank\" rel=\"noreferrer noopener\">https:\/\/www.facebook.com\/legal\/controller_addendum<\/a>), in der insbesondere geregelt wird, welche Sicherheitsma\u00dfnahmen Facebook beachten muss (<a href=\"https:\/\/www.facebook.com\/legal\/terms\/data_security_terms\" target=\"_blank\" rel=\"noreferrer noopener\">https:\/\/www.facebook.com\/legal\/terms\/data_security_terms<\/a>) und in der Facebook sich bereit erkl\u00e4rt hat die Betroffenenrechte zu erf\u00fcllen (d. h. Nutzer k\u00f6nnen z. B. Ausk\u00fcnfte oder L\u00f6schungsanfragen direkt an Facebook richten). Hinweis: Wenn Facebook uns Messwerte, Analysen und Berichte bereitstellt (die aggregiert sind, d. h. keine Angaben zu einzelnen Nutzern erhalten und f\u00fcr uns anonym sind), dann erfolgt diese Verarbeitung nicht im Rahmen der gemeinsamen Verantwortlichkeit, sondern auf Grundlage eines Auftragsverarbeitungsvertrages (&#8222;Datenverarbeitungsbedingungen &#8222;,&nbsp;<a href=\"https:\/\/www.facebook.com\/legal\/terms\/dataprocessing\" target=\"_blank\" rel=\"noreferrer noopener\">https:\/\/www.facebook.com\/legal\/terms\/dataprocessing<\/a>) , der &#8222;Datensicherheitsbedingungen&#8220; (<a href=\"https:\/\/www.facebook.com\/legal\/terms\/data_security_terms\" target=\"_blank\" rel=\"noreferrer noopener\">https:\/\/www.facebook.com\/legal\/terms\/data_security_terms<\/a>) sowie im Hinblick auf die Verarbeitung in den USA auf Grundlage von Standardvertragsklauseln (&#8222;Facebook-EU-Daten\u00fcbermittlungszusatz,&nbsp;<a href=\"https:\/\/www.facebook.com\/legal\/EU_data_transfer_addendum\" target=\"_blank\" rel=\"noreferrer noopener\">https:\/\/www.facebook.com\/legal\/EU_data_transfer_addendum<\/a>). Die Rechte der Nutzer (insbesondere auf Auskunft, L\u00f6schung, Widerspruch und Beschwerde bei zust\u00e4ndiger Aufsichtsbeh\u00f6rde), werden durch die Vereinbarungen mit Facebook nicht eingeschr\u00e4nkt;&nbsp;<strong>Dienstanbieter:<\/strong>&nbsp;Meta Platforms Ireland Limited, 4 Grand Canal Square, Grand Canal Harbour, Dublin 2, Irland;&nbsp;<strong>Rechtsgrundlagen:<\/strong>&nbsp;Einwilligung (Art. 6 Abs. 1 S. 1 lit. a) DSGVO);&nbsp;<strong>Website:<\/strong>&nbsp;<a href=\"https:\/\/www.facebook.com\/\" target=\"_blank\" rel=\"noreferrer noopener\">https:\/\/www.facebook.com<\/a>;&nbsp;<strong>Datenschutzerkl\u00e4rung:<\/strong><a href=\"https:\/\/www.facebook.com\/about\/privacy\" target=\"_blank\" rel=\"noreferrer noopener\">https:\/\/www.facebook.com\/about\/privacy<\/a>.<\/li>\n<\/ul>\n\n\n\n<ul class=\"wp-block-list\">\n<li><strong>Instagram-Plugins und -Inhalte:<\/strong><strong>&nbsp;<\/strong>Instagram Plugins und -Inhalte &#8211; Hierzu k\u00f6nnen z.B. Inhalte wie Bilder, Videos oder Texte und Schaltfl\u00e4chen geh\u00f6ren, mit denen Nutzer Inhalte dieses Onlineangebotes innerhalb von Instagram teilen k\u00f6nnen. &#8211; Wir sind gemeinsam mit Meta Platforms Ireland Limited f\u00fcr die Erhebung oder den Erhalt im Rahmen einer \u00dcbermittlung (jedoch nicht die weitere Verarbeitung) von &#8222;Event-Daten&#8220;, die Facebook mittels Funktionen von Instagram (z. B. Einbettungsfunktionen f\u00fcr Inhalte), die auf unserem Onlineangebot ausgef\u00fchrt werden, erhebt oder im Rahmen einer \u00dcbermittlung zu folgenden Zwecken erh\u00e4lt, gemeinsam verantwortlich: a) Anzeige von Inhalten sowie Werbeinformationen, die den mutma\u00dflichen Interessen der Nutzer entsprechen; b) Zustellung kommerzieller und transaktionsbezogener Nachrichten (z. B. Ansprache von Nutzern via Facebook-Messenger); c) Verbesserung der Anzeigenauslieferung und Personalisierung von Funktionen und Inhalten (z. B. Verbesserung der Erkennung, welche Inhalte oder Werbeinformationen mutma\u00dflich den Interessen der Nutzer entsprechen). Wir haben mit Facebook eine spezielle Vereinbarung abgeschlossen (&#8222;Zusatz f\u00fcr Verantwortliche&#8220;,&nbsp;<a href=\"https:\/\/www.facebook.com\/legal\/controller_addendum\" target=\"_blank\" rel=\"noreferrer noopener\">https:\/\/www.facebook.com\/legal\/controller_addendum<\/a>), in der insbesondere geregelt wird, welche Sicherheitsma\u00dfnahmen Facebook beachten muss (<a href=\"https:\/\/www.facebook.com\/legal\/terms\/data_security_terms\" target=\"_blank\" rel=\"noreferrer noopener\">https:\/\/www.facebook.com\/legal\/terms\/data_security_terms<\/a>) und in der Facebook sich bereit erkl\u00e4rt hat die Betroffenenrechte zu erf\u00fcllen (d. h. Nutzer k\u00f6nnen z. B. Ausk\u00fcnfte oder L\u00f6schungsanfragen direkt an Facebook richten). Hinweis: Wenn Facebook uns Messwerte, Analysen und Berichte bereitstellt (die aggregiert sind, d. h. keine Angaben zu einzelnen Nutzern erhalten und f\u00fcr uns anonym sind), dann erfolgt diese Verarbeitung nicht im Rahmen der gemeinsamen Verantwortlichkeit, sondern auf Grundlage eines Auftragsverarbeitungsvertrages (&#8222;Datenverarbeitungsbedingungen &#8222;,&nbsp;<a href=\"https:\/\/www.facebook.com\/legal\/terms\/dataprocessing\" target=\"_blank\" rel=\"noreferrer noopener\">https:\/\/www.facebook.com\/legal\/terms\/dataprocessing<\/a>) , der &#8222;Datensicherheitsbedingungen&#8220; (<a href=\"https:\/\/www.facebook.com\/legal\/terms\/data_security_terms\" target=\"_blank\" rel=\"noreferrer noopener\">https:\/\/www.facebook.com\/legal\/terms\/data_security_terms<\/a>) sowie im Hinblick auf die Verarbeitung in den USA auf Grundlage von Standardvertragsklauseln (&#8222;Facebook-EU-Daten\u00fcbermittlungszusatz,&nbsp;<a href=\"https:\/\/www.facebook.com\/legal\/EU_data_transfer_addendum\" target=\"_blank\" rel=\"noreferrer noopener\">https:\/\/www.facebook.com\/legal\/EU_data_transfer_addendum<\/a>). Die Rechte der Nutzer (insbesondere auf Auskunft, L\u00f6schung, Widerspruch und Beschwerde bei zust\u00e4ndiger Aufsichtsbeh\u00f6rde), werden durch die Vereinbarungen mit Facebook nicht eingeschr\u00e4nkt;&nbsp;<strong>Dienstanbieter:<\/strong>&nbsp;Meta Platforms Irland Limited, 4 Grand Canal Square, Grand Canal Harbour, Dublin 2, Irland;&nbsp;<strong>Rechtsgrundlagen:<\/strong>&nbsp;Berechtigte Interessen (Art. 6 Abs. 1 S. 1 lit. f) DSGVO);&nbsp;<strong>Website:<\/strong>&nbsp;<a href=\"https:\/\/www.instagram.com\/\" target=\"_blank\" rel=\"noreferrer noopener\">https:\/\/www.instagram.com<\/a>;&nbsp;<strong>Datenschutzerkl\u00e4rung:<\/strong>&nbsp;<a href=\"https:\/\/instagram.com\/about\/legal\/privacy\" target=\"_blank\" rel=\"noreferrer noopener\">https:\/\/instagram.com\/about\/legal\/privacy<\/a>.<\/li>\n<\/ul>\n\n\n\n<ul class=\"wp-block-list\">\n<li><strong>YouTube-Videos:<\/strong><strong>&nbsp;<\/strong>Videoinhalte;&nbsp;<strong>Dienstanbieter:<\/strong>&nbsp;Google Ireland Limited, Gordon House, Barrow Street, Dublin 4, Irland;&nbsp;<strong>Rechtsgrundlagen:<\/strong>&nbsp;Berechtigte Interessen (Art. 6 Abs. 1 S. 1 lit. f) DSGVO);&nbsp;<strong>Website:<\/strong>&nbsp;<a href=\"https:\/\/www.youtube.com\/\" target=\"_blank\" rel=\"noreferrer noopener\">https:\/\/www.youtube.com<\/a>;&nbsp;<strong>Datenschutzerkl\u00e4rung:<\/strong>&nbsp;<a href=\"https:\/\/policies.google.com\/privacy\" target=\"_blank\" rel=\"noreferrer noopener\">https:\/\/policies.google.com\/privacy<\/a>;&nbsp;<strong>Widerspruchsm\u00f6glichkeit (Opt-Out):<\/strong>&nbsp;Opt-Out-Plugin:&nbsp;<a href=\"https:\/\/tools.google.com\/dlpage\/gaoptout?hl=de\" target=\"_blank\" rel=\"noreferrer noopener\">https:\/\/tools.google.com\/dlpage\/gaoptout?hl=de<\/a>, Einstellungen f\u00fcr die Darstellung von Werbeeinblendungen:&nbsp;<a href=\"https:\/\/adssettings.google.com\/authenticated\" target=\"_blank\" rel=\"noreferrer noopener\">https:\/\/adssettings.google.com\/authenticated<\/a>.<\/li>\n<\/ul>\n\n\n\n<ul class=\"wp-block-list\">\n<li><strong>YouTube-Videos:\u00a0<\/strong>Videoinhalte; YouTube-Videos werden \u00fcber eine spezielle Domain (erkennbar an dem Bestandteil &#8222;youtube-nocookie&#8220;) im sogenannten &#8222;Erweiterten Datenschutzmodus&#8220; eingebunden, wodurch keine Cookies zu Nutzeraktivit\u00e4ten erhoben werden, um die Videowiedergabe zu personalisieren. Dennoch k\u00f6nnen Angaben zur Interaktion der Nutzer mit dem Video (z.B. Merken der letzten Wiedergabestelle), gespeichert werden;\u00a0<strong>Dienstanbieter:<\/strong>\u00a0Google Ireland Limited, Gordon House, Barrow Street, Dublin 4, Irland;\u00a0<strong>Rechtsgrundlagen:<\/strong>\u00a0Berechtigte Interessen (Art. 6 Abs. 1 S. 1 lit. f) DSGVO);\u00a0<strong>Website:<\/strong>\u00a0<a rel=\"noreferrer noopener\" href=\"https:\/\/www.youtube.com\/\" target=\"_blank\">https:\/\/www.youtube.com<\/a>;\u00a0<strong>Datenschutzerkl\u00e4rung:<\/strong>\u00a0<a rel=\"noreferrer noopener\" href=\"https:\/\/policies.google.com\/privacy\" target=\"_blank\">https:\/\/policies.google.com\/privacy<\/a>.<\/li>\n<\/ul>\n\n\n\n<h3 class=\"wp-block-heading\">\u00c4nderung und Aktualisierung der Datenschutzerkl\u00e4rung<\/h3>\n\n\n\n<p>Wir bitten Sie, sich regelm\u00e4\u00dfig \u00fcber den Inhalt unserer Datenschutzerkl\u00e4rung zu informieren. Wir passen die Datenschutzerkl\u00e4rung an, sobald die \u00c4nderungen der von uns durchgef\u00fchrten Datenverarbeitungen dies erforderlich machen. Wir informieren Sie, sobald durch die \u00c4nderungen eine Mitwirkungshandlung Ihrerseits (z.B. Einwilligung) oder eine sonstige individuelle Benachrichtigung erforderlich wird.<\/p>\n\n\n\n<p>Sofern wir in dieser Datenschutzerkl\u00e4rung Adressen und Kontaktinformationen von Unternehmen und Organisationen angeben, bitten wir zu beachten, dass die Adressen sich \u00fcber die Zeit \u00e4ndern k\u00f6nnen und bitten die Angaben vor Kontaktaufnahme zu pr\u00fcfen.<\/p>\n\n\n\n<h3 class=\"wp-block-heading\">Rechte der betroffenen Personen<\/h3>\n\n\n\n<p>Ihnen stehen als Betroffene nach der DSGVO verschiedene Rechte zu, die sich insbesondere aus Art. 15 bis 21 DSGVO ergeben:<\/p>\n\n\n\n<ul class=\"wp-block-list\">\n<li><strong>Widerspruchsrecht: Sie haben das Recht, aus Gr\u00fcnden, die sich aus Ihrer besonderen Situation ergeben, jederzeit gegen die Verarbeitung der Sie betreffenden personenbezogenen Daten, die aufgrund von Art. 6 Abs. 1 lit. e oder f DSGVO erfolgt, Widerspruch einzulegen; dies gilt auch f\u00fcr ein auf diese Bestimmungen gest\u00fctztes Profiling. Werden die Sie betreffenden personenbezogenen Daten verarbeitet, um Direktwerbung zu betreiben, haben Sie das Recht, jederzeit Widerspruch gegen die Verarbeitung der Sie betreffenden personenbezogenen Daten zum Zwecke derartiger Werbung einzulegen; dies gilt auch f\u00fcr das Profiling, soweit es mit solcher Direktwerbung in Verbindung steht.<\/strong><strong><\/strong><\/li>\n<\/ul>\n\n\n\n<ul class=\"wp-block-list\">\n<li><strong>Widerrufsrecht bei Einwilligungen:<\/strong>&nbsp;Sie haben das Recht, erteilte Einwilligungen jederzeit zu widerrufen.<\/li>\n<\/ul>\n\n\n\n<ul class=\"wp-block-list\">\n<li><strong>Auskunftsrecht:<\/strong>&nbsp;Sie haben das Recht, eine Best\u00e4tigung dar\u00fcber zu verlangen, ob betreffende Daten verarbeitet werden und auf Auskunft \u00fcber diese Daten sowie auf weitere Informationen und Kopie der Daten entsprechend den gesetzlichen Vorgaben.<\/li>\n<\/ul>\n\n\n\n<ul class=\"wp-block-list\">\n<li><strong>Recht auf Berichtigung:<\/strong>&nbsp;Sie haben entsprechend den gesetzlichen Vorgaben das Recht, die Vervollst\u00e4ndigung der Sie betreffenden Daten oder die Berichtigung der Sie betreffenden unrichtigen Daten zu verlangen.<\/li>\n<\/ul>\n\n\n\n<ul class=\"wp-block-list\">\n<li><strong>Recht auf L\u00f6schung und Einschr\u00e4nkung der Verarbeitung:<\/strong>&nbsp;Sie haben nach Ma\u00dfgabe der gesetzlichen Vorgaben das Recht, zu verlangen, dass Sie betreffende Daten unverz\u00fcglich gel\u00f6scht werden, bzw. alternativ nach Ma\u00dfgabe der gesetzlichen Vorgaben eine Einschr\u00e4nkung der Verarbeitung der Daten zu verlangen.<\/li>\n<\/ul>\n\n\n\n<ul class=\"wp-block-list\">\n<li><strong>Recht auf Daten\u00fcbertragbarkeit:<\/strong>&nbsp;Sie haben das Recht, Sie betreffende Daten, die Sie uns bereitgestellt haben, nach Ma\u00dfgabe der gesetzlichen Vorgaben in einem strukturierten, g\u00e4ngigen und maschinenlesbaren Format zu erhalten oder deren \u00dcbermittlung an einen anderen Verantwortlichen zu fordern.<\/li>\n<\/ul>\n\n\n\n<ul class=\"wp-block-list\">\n<li><strong>Beschwerde bei Aufsichtsbeh\u00f6rde:<\/strong>&nbsp;Sie haben unbeschadet eines anderweitigen verwaltungsrechtlichen oder gerichtlichen Rechtsbehelfs das Recht auf Beschwerde bei einer Aufsichtsbeh\u00f6rde, insbesondere in dem Mitgliedstaat ihres gew\u00f6hnlichen Aufenthaltsorts, ihres Arbeitsplatzes oder des Orts des mutma\u00dflichen Versto\u00dfes, wenn Sie der Ansicht sind, dass die Verarbeitung der Sie betreffenden personenbezogenen Daten gegen die Vorgaben der DSGVO verst\u00f6\u00dft.<\/li>\n<\/ul>\n","protected":false},"excerpt":{"rendered":"<p>Stand: 16. M\u00e4rz 2023 Inhalts\u00fcbersicht Verantwortlicher Yan Hanhanyan@hotmail.de Impressum \u00dcbersicht der Verarbeitungen Die nachfolgende \u00dcbersicht fasst die Arten der verarbeiteten Daten und die Zwecke ihrer Verarbeitung zusammen und verweist auf die betroffenen Personen. Arten der verarbeiteten Daten Kategorien betroffener Personen Zwecke der Verarbeitung Ma\u00dfgebliche Rechtsgrundlagen Im Folgenden erhalten Sie eine \u00dcbersicht der Rechtsgrundlagen der DSGVO, [&hellip;]<\/p>\n","protected":false},"author":1,"featured_media":0,"parent":0,"menu_order":7,"comment_status":"closed","ping_status":"closed","template":"","meta":{"footnotes":""},"class_list":["post-20","page","type-page","status-publish","hentry"],"_links":{"self":[{"href":"https:\/\/www.hanyan.de\/de\/wp-json\/wp\/v2\/pages\/20"}],"collection":[{"href":"https:\/\/www.hanyan.de\/de\/wp-json\/wp\/v2\/pages"}],"about":[{"href":"https:\/\/www.hanyan.de\/de\/wp-json\/wp\/v2\/types\/page"}],"author":[{"embeddable":true,"href":"https:\/\/www.hanyan.de\/de\/wp-json\/wp\/v2\/users\/1"}],"replies":[{"embeddable":true,"href":"https:\/\/www.hanyan.de\/de\/wp-json\/wp\/v2\/comments?post=20"}],"version-history":[{"count":8,"href":"https:\/\/www.hanyan.de\/de\/wp-json\/wp\/v2\/pages\/20\/revisions"}],"predecessor-version":[{"id":1108,"href":"https:\/\/www.hanyan.de\/de\/wp-json\/wp\/v2\/pages\/20\/revisions\/1108"}],"wp:attachment":[{"href":"https:\/\/www.hanyan.de\/de\/wp-json\/wp\/v2\/media?parent=20"}],"curies":[{"name":"wp","href":"https:\/\/api.w.org\/{rel}","templated":true}]}}