{"id":595,"date":"2023-02-09T12:18:07","date_gmt":"2023-02-09T12:18:07","guid":{"rendered":"https:\/\/hanyan.pixxel-network.de\/?page_id=595"},"modified":"2024-08-08T15:04:03","modified_gmt":"2024-08-08T15:04:03","slug":"termine-archiv","status":"publish","type":"page","link":"https:\/\/www.hanyan.de\/en\/termine\/termine-archiv\/","title":{"rendered":"Archive"},"content":{"rendered":"<h3 class=\"wp-block-heading\"><strong>Student Concert 2023, class Han<\/strong><\/h3>\n\n\n\n<p>November 26, 2023, 3 p.m.<\/p>\n\n\n\n<p>Rubinstein Hall<br>Landsberger Stra\u00dfe 336<br>80687 Munich<\/p>\n\n\n\n<figure class=\"wp-block-image size-large is-resized\"><img loading=\"lazy\" decoding=\"async\" src=\"https:\/\/www.hanyan.de\/wp-content\/uploads\/2023\/12\/Yan_Schuelerkonzert_2023._web-724x1024.jpg\" alt=\"Poster, Sch\u00fclerkonzert 2023, Klasse HAN\" class=\"wp-image-1142\" width=\"498\" height=\"704\" srcset=\"https:\/\/www.hanyan.de\/wp-content\/uploads\/2023\/12\/Yan_Schuelerkonzert_2023._web-724x1024.jpg 724w, https:\/\/www.hanyan.de\/wp-content\/uploads\/2023\/12\/Yan_Schuelerkonzert_2023._web-212x300.jpg 212w, https:\/\/www.hanyan.de\/wp-content\/uploads\/2023\/12\/Yan_Schuelerkonzert_2023._web-768x1086.jpg 768w, https:\/\/www.hanyan.de\/wp-content\/uploads\/2023\/12\/Yan_Schuelerkonzert_2023._web-8x12.jpg 8w, https:\/\/www.hanyan.de\/wp-content\/uploads\/2023\/12\/Yan_Schuelerkonzert_2023._web.jpg 842w\" sizes=\"(max-width: 498px) 100vw, 498px\" \/><\/figure>\n\n\n\n<div class=\"wp-block-file\"><a id=\"wp-block-file--media-c71e2f30-c742-446a-9f57-38f93fa14299\" href=\"https:\/\/www.hanyan.de\/wp-content\/uploads\/2023\/12\/Yan_Programm_compressed.pdf\"><strong>Program, Student Concert 2023, class Han<\/strong><\/a><\/div>\n\n\n\n<hr class=\"wp-block-separator has-alpha-channel-opacity\"\/>\n\n\n\n<h3 class=\"wp-block-heading\"><strong>Student Concert 2022, class Han<\/strong><\/h3>\n\n\n\n<p>November 20, 2022, 3 p.m.<\/p>\n\n\n\n<p>Rubinstein Hall<br>Landsberger Stra\u00dfe 336<br>80687 Munich<\/p>\n\n\n\n<figure class=\"wp-block-image size-large is-resized\"><img loading=\"lazy\" decoding=\"async\" src=\"https:\/\/www.hanyan.de\/wp-content\/uploads\/2023\/12\/Entwurf_Yan_Han_Schueler_Poster_A3_1122_F39_150dpi_netto-724x1024.jpg\" alt=\"Poster, Sch\u00fclerkonzert 2022, Klasse HAN\" class=\"wp-image-1144\" width=\"502\" height=\"710\" srcset=\"https:\/\/www.hanyan.de\/wp-content\/uploads\/2023\/12\/Entwurf_Yan_Han_Schueler_Poster_A3_1122_F39_150dpi_netto-724x1024.jpg 724w, https:\/\/www.hanyan.de\/wp-content\/uploads\/2023\/12\/Entwurf_Yan_Han_Schueler_Poster_A3_1122_F39_150dpi_netto-212x300.jpg 212w, https:\/\/www.hanyan.de\/wp-content\/uploads\/2023\/12\/Entwurf_Yan_Han_Schueler_Poster_A3_1122_F39_150dpi_netto-768x1086.jpg 768w, https:\/\/www.hanyan.de\/wp-content\/uploads\/2023\/12\/Entwurf_Yan_Han_Schueler_Poster_A3_1122_F39_150dpi_netto-1086x1536.jpg 1086w, https:\/\/www.hanyan.de\/wp-content\/uploads\/2023\/12\/Entwurf_Yan_Han_Schueler_Poster_A3_1122_F39_150dpi_netto-1448x2048.jpg 1448w, https:\/\/www.hanyan.de\/wp-content\/uploads\/2023\/12\/Entwurf_Yan_Han_Schueler_Poster_A3_1122_F39_150dpi_netto-8x12.jpg 8w, https:\/\/www.hanyan.de\/wp-content\/uploads\/2023\/12\/Entwurf_Yan_Han_Schueler_Poster_A3_1122_F39_150dpi_netto-scaled.jpg 1810w\" sizes=\"(max-width: 502px) 100vw, 502px\" \/><\/figure>\n\n\n\n<div class=\"wp-block-file\"><a id=\"wp-block-file--media-6a1f3572-dcab-467f-8fd4-6dfac5d9b95c\" href=\"https:\/\/www.hanyan.de\/wp-content\/uploads\/2023\/02\/Yan_Han_V1_Schueler_Programm_A5_1122_F39_150dpi_netto.pdf\" target=\"_blank\" rel=\"noreferrer noopener\"><strong>Program, Student Concert 2022, class Han<\/strong><\/a><\/div>\n\n\n\n<hr class=\"wp-block-separator has-alpha-channel-opacity\"\/>\n\n\n\n<h3 class=\"wp-block-heading\"><strong>SCHHPLTTLR\/VKTRN_txt_fetzen_<\/strong><\/h3>\n\n\n\n<p><strong>Mirko Hecktor, Daniel Kluge and Andreas Neumeister in conversation with Han Yan<\/strong><\/p>\n\n\n\n<p>October 4, 2015, 7.30 p.m.<\/p>\n\n\n\n<p>schwere reiter<br>Dachauer Stra\u00dfe 114<br>80636 Munich<\/p>\n\n\n\n<figure class=\"wp-block-image size-large\"><a href=\"https:\/\/www.hanyan.de\/en\/tanz-auf-semiotischer-ebene\/\" target=\"_blank\" rel=\"noreferrer noopener\"><img loading=\"lazy\" decoding=\"async\" width=\"1024\" height=\"576\" src=\"https:\/\/www.hanyan.de\/wp-content\/uploads\/2022\/10\/schwere-reiter_04-1024x576.jpg\" alt=\"\" class=\"wp-image-46\" srcset=\"https:\/\/www.hanyan.de\/wp-content\/uploads\/2022\/10\/schwere-reiter_04-1024x576.jpg 1024w, https:\/\/www.hanyan.de\/wp-content\/uploads\/2022\/10\/schwere-reiter_04-300x169.jpg 300w, https:\/\/www.hanyan.de\/wp-content\/uploads\/2022\/10\/schwere-reiter_04-768x432.jpg 768w, https:\/\/www.hanyan.de\/wp-content\/uploads\/2022\/10\/schwere-reiter_04-1536x864.jpg 1536w, https:\/\/www.hanyan.de\/wp-content\/uploads\/2022\/10\/schwere-reiter_04-2048x1152.jpg 2048w, https:\/\/www.hanyan.de\/wp-content\/uploads\/2022\/10\/schwere-reiter_04-1568x882.jpg 1568w\" sizes=\"(max-width: 1024px) 100vw, 1024px\" \/><\/a><figcaption class=\"wp-element-caption\"><sub>photo: Alescha Birkenholz for PLATFORM<\/sub>&nbsp;<sub>Munich<\/sub><\/figcaption><\/figure>\n\n\n\n<p><\/p>","protected":false},"excerpt":{"rendered":"<p>Sch\u00fclerkonzert 2023, Klasse Han 26. November 2023, 15.00 Uhr Rubinstein-SaalLandsberger Stra\u00dfe 33680687 M\u00fcnchen Sch\u00fclerkonzert 2022, Klasse Han 20. November 2022, 15.00 Uhr Rubinstein-SaalLandsberger Stra\u00dfe 33680687 M\u00fcnchen SCHHPLTTLR\/VKTRN_txt_fetzen_ Mirko Hecktor, Daniel Kluge und Andreas Neumeister im Gespr\u00e4ch mit Han Yan 4. Oktober 2015, 19.30 Uhr schwere reiterDachauer Stra\u00dfe 11480636 M\u00fcnchen<\/p>","protected":false},"author":2,"featured_media":0,"parent":164,"menu_order":15,"comment_status":"closed","ping_status":"closed","template":"","meta":{"footnotes":""},"class_list":["post-595","page","type-page","status-publish","hentry"],"_links":{"self":[{"href":"https:\/\/www.hanyan.de\/en\/wp-json\/wp\/v2\/pages\/595"}],"collection":[{"href":"https:\/\/www.hanyan.de\/en\/wp-json\/wp\/v2\/pages"}],"about":[{"href":"https:\/\/www.hanyan.de\/en\/wp-json\/wp\/v2\/types\/page"}],"author":[{"embeddable":true,"href":"https:\/\/www.hanyan.de\/en\/wp-json\/wp\/v2\/users\/2"}],"replies":[{"embeddable":true,"href":"https:\/\/www.hanyan.de\/en\/wp-json\/wp\/v2\/comments?post=595"}],"version-history":[{"count":17,"href":"https:\/\/www.hanyan.de\/en\/wp-json\/wp\/v2\/pages\/595\/revisions"}],"predecessor-version":[{"id":1172,"href":"https:\/\/www.hanyan.de\/en\/wp-json\/wp\/v2\/pages\/595\/revisions\/1172"}],"up":[{"embeddable":true,"href":"https:\/\/www.hanyan.de\/en\/wp-json\/wp\/v2\/pages\/164"}],"wp:attachment":[{"href":"https:\/\/www.hanyan.de\/en\/wp-json\/wp\/v2\/media?parent=595"}],"curies":[{"name":"wp","href":"https:\/\/api.w.org\/{rel}","templated":true}]}}